{"version":"1.0","provider_name":"AMDT - D\u00e9m\u00e9nagement","provider_url":"https:\/\/amdt-demenagement.com\/en","author_name":"Theo Altemuller","author_url":"https:\/\/amdt-demenagement.com\/en\/author\/theo\/","title":"\u00c9t\u00e9 ou hiver : comment la p\u00e9riode peut impacter votre d\u00e9m\u00e9nagement ? - AMDT - D\u00e9m\u00e9nagement","type":"rich","width":600,"height":338,"html":"<blockquote class=\"wp-embedded-content\" data-secret=\"THdL9tPppl\"><a href=\"https:\/\/amdt-demenagement.com\/en\/saisonnalite-demande-demenagement\/\">\u00c9t\u00e9 ou hiver : comment la p\u00e9riode peut impacter votre d\u00e9m\u00e9nagement ?<\/a><\/blockquote><iframe sandbox=\"allow-scripts\" security=\"restricted\" src=\"https:\/\/amdt-demenagement.com\/en\/saisonnalite-demande-demenagement\/embed\/#?secret=THdL9tPppl\" width=\"600\" height=\"338\" title=\"&#8220;\u00c9t\u00e9 ou hiver : comment la p\u00e9riode peut impacter votre d\u00e9m\u00e9nagement ?&#8221; &#8212; AMDT - D\u00e9m\u00e9nagement\" data-secret=\"THdL9tPppl\" frameborder=\"0\" marginwidth=\"0\" marginheight=\"0\" scrolling=\"no\" class=\"wp-embedded-content\"><\/iframe><script>\n\/*! This file is auto-generated *\/\n!function(d,l){\"use strict\";l.querySelector&&d.addEventListener&&\"undefined\"!=typeof URL&&(d.wp=d.wp||{},d.wp.receiveEmbedMessage||(d.wp.receiveEmbedMessage=function(e){var t=e.data;if((t||t.secret||t.message||t.value)&&!\/[^a-zA-Z0-9]\/.test(t.secret)){for(var s,r,n,a=l.querySelectorAll('iframe[data-secret=\"'+t.secret+'\"]'),o=l.querySelectorAll('blockquote[data-secret=\"'+t.secret+'\"]'),c=new RegExp(\"^https?:$\",\"i\"),i=0;i<o.length;i++)o[i].style.display=\"none\";for(i=0;i<a.length;i++)s=a[i],e.source===s.contentWindow&&(s.removeAttribute(\"style\"),\"height\"===t.message?(1e3<(r=parseInt(t.value,10))?r=1e3:~~r<200&&(r=200),s.height=r):\"link\"===t.message&&(r=new URL(s.getAttribute(\"src\")),n=new URL(t.value),c.test(n.protocol))&&n.host===r.host&&l.activeElement===s&&(d.top.location.href=t.value))}},d.addEventListener(\"message\",d.wp.receiveEmbedMessage,!1),l.addEventListener(\"DOMContentLoaded\",function(){for(var e,t,s=l.querySelectorAll(\"iframe.wp-embedded-content\"),r=0;r<s.length;r++)(t=(e=s[r]).getAttribute(\"data-secret\"))||(t=Math.random().toString(36).substring(2,12),e.src+=\"#?secret=\"+t,e.setAttribute(\"data-secret\",t)),e.contentWindow.postMessage({message:\"ready\",secret:t},\"*\")},!1)))}(window,document);\n\/\/# sourceURL=https:\/\/amdt-demenagement.com\/wp-includes\/js\/wp-embed.min.js\n<\/script>","thumbnail_url":"https:\/\/amdt-demenagement.com\/wp-content\/uploads\/2025\/06\/amdt-demenagement-saisonnalite-hiver-ete.jpg","thumbnail_width":1200,"thumbnail_height":800,"description":"Le choix de la p\u00e9riode pour organiser son d\u00e9m\u00e9nagement n\u2019est jamais anodin. Si la majorit\u00e9 des Fran\u00e7ais privil\u00e9gient l\u2019\u00e9t\u00e9, cette pr\u00e9f\u00e9rence n\u2019est pas sans cons\u00e9quence sur les d\u00e9lais, la disponibilit\u00e9 des d\u00e9m\u00e9nageurs et, surtout, sur le co\u00fbt de la prestation. \u00c0 l\u2019inverse, l\u2019hiver, souvent d\u00e9laiss\u00e9, offre pourtant de r\u00e9els avantages logistiques et financiers. AMDT D\u00e9m\u00e9nagement, [&hellip;]"}